{"id":3814,"date":"2024-11-29T13:37:08","date_gmt":"2024-11-29T13:37:08","guid":{"rendered":"https:\/\/turknak.com.tr\/tr\/?page_id=3814"},"modified":"2024-11-29T13:38:32","modified_gmt":"2024-11-29T13:38:32","slug":"fuar-tasimaciligi","status":"publish","type":"page","link":"https:\/\/turknak.com.tr\/tr\/fuar-tasimaciligi\/","title":{"rendered":"FUAR TA\u015eIMACILI\u011eI"},"content":{"rendered":"<p>[vc_row][vc_column][vc_column_text]Fuarlar k\u0131s\u0131tl\u0131 zaman dilimlerinde, y\u00fcksek reklam ve yat\u0131r\u0131m giderleri ile ger\u00e7ekle\u015ftirilir. Biz b\u00fct\u00fcn bu organizasyon \u00e7er\u00e7evesinde daha h\u0131zl\u0131 ve ba\u015far\u0131l\u0131 sonu\u00e7lar alarak daha iyi haz\u0131rlana bilmeniz konusunda sizlere yard\u0131mc\u0131 olmaktay\u0131z. Profesyonel ta\u015f\u0131ma ve montaj ekibimiz ve \u00f6zel ara\u00e7 filomuz ile projesi verilmi\u015f stantlar\u0131n kurulumlar\u0131 da dahil olmak \u00fczere bu k\u0131s\u0131tl\u0131 zaman diliminde fuar uygulamalar\u0131n\u0131z\u0131 yerine getiriyoruz.&nbsp;<strong>Fuar ta\u015f\u0131mac\u0131l\u0131\u011f\u0131 \u015firketleri<\/strong>&nbsp;aras\u0131nda yer alan ekibimiz t\u00fcm ihtiya\u00e7lar\u0131n\u0131za pratik \u00e7\u00f6z\u00fcmler sunmaktad\u0131r.<\/p>\r\n\r\n<p>Fuar uygulamalar\u0131nda yap\u0131lan hatalar\u0131n geri d\u00f6n\u00fc\u015f\u00fc yoktur. Yani esas olan bir hata yap\u0131p bu hatay\u0131 telafi etmek. \u00f6demek, ba\u015ftan imal ettirmek gibi bir se\u00e7enek m\u00fcmk\u00fcn de\u011fildir. Telafisi olmayan bir uygulama t\u00fcr\u00fc olup sekt\u00f6r i\u00e7erisinde en zor ve dikkat gerektiren bran\u015f dallar\u0131ndand\u0131r. Bu sebeple&nbsp;<strong>fuar ta\u015f\u0131mac\u0131l\u0131\u011f\u0131 firmalar\u0131<\/strong>&nbsp;se\u00e7imi konusunda hassas hareket edilmelidir.<\/p>\r\n<p>[\/vc_column_text][\/vc_column][\/vc_row]<\/p>\r\n","protected":false},"excerpt":{"rendered":"<p>[vc_row][vc_column][vc_column_text]Fuarlar k\u0131s\u0131tl\u0131 zaman dilimlerinde, y\u00fcksek reklam ve yat\u0131r\u0131m giderleri ile ger\u00e7ekle\u015ftirilir. Biz b\u00fct\u00fcn bu organizasyon \u00e7er\u00e7evesinde daha h\u0131zl\u0131 ve ba\u015far\u0131l\u0131 sonu\u00e7lar alarak daha iyi haz\u0131rlana bilmeniz konusunda sizlere yard\u0131mc\u0131 olmaktay\u0131z. Profesyonel ta\u015f\u0131ma ve montaj ekibimiz ve \u00f6zel ara\u00e7 filomuz ile projesi verilmi\u015f stantlar\u0131n kurulumlar\u0131 da dahil olmak \u00fczere bu k\u0131s\u0131tl\u0131 zaman diliminde fuar uygulamalar\u0131n\u0131z\u0131 yerine [&hellip;]<\/p>\n","protected":false},"author":1,"featured_media":0,"parent":0,"menu_order":0,"comment_status":"closed","ping_status":"closed","template":"","meta":{"footnotes":""},"class_list":["post-3814","page","type-page","status-publish","hentry"],"_links":{"self":[{"href":"https:\/\/turknak.com.tr\/tr\/wp-json\/wp\/v2\/pages\/3814","targetHints":{"allow":["GET"]}}],"collection":[{"href":"https:\/\/turknak.com.tr\/tr\/wp-json\/wp\/v2\/pages"}],"about":[{"href":"https:\/\/turknak.com.tr\/tr\/wp-json\/wp\/v2\/types\/page"}],"author":[{"embeddable":true,"href":"https:\/\/turknak.com.tr\/tr\/wp-json\/wp\/v2\/users\/1"}],"replies":[{"embeddable":true,"href":"https:\/\/turknak.com.tr\/tr\/wp-json\/wp\/v2\/comments?post=3814"}],"version-history":[{"count":2,"href":"https:\/\/turknak.com.tr\/tr\/wp-json\/wp\/v2\/pages\/3814\/revisions"}],"predecessor-version":[{"id":3816,"href":"https:\/\/turknak.com.tr\/tr\/wp-json\/wp\/v2\/pages\/3814\/revisions\/3816"}],"wp:attachment":[{"href":"https:\/\/turknak.com.tr\/tr\/wp-json\/wp\/v2\/media?parent=3814"}],"curies":[{"name":"wp","href":"https:\/\/api.w.org\/{rel}","templated":true}]}}